{"id":2681,"date":"2025-07-16T14:03:38","date_gmt":"2025-07-16T12:03:38","guid":{"rendered":"https:\/\/gruene-nks.de\/?page_id=2681"},"modified":"2025-07-16T14:03:38","modified_gmt":"2025-07-16T12:03:38","slug":"unser-team-fuer-die-kommunalwahl-2025","status":"publish","type":"page","link":"https:\/\/gruene-nks.de\/index.php\/unser-team-fuer-die-kommunalwahl-2025\/","title":{"rendered":"Unser Team f\u00fcr die Kommunalwahl 2025"},"content":{"rendered":"<div id=\"metaslider-id-2630\" style=\"width: 100%;\" class=\"ml-slider-3-99-0 metaslider metaslider-flex metaslider-2630 ml-slider ms-theme-clarity has-carousel-mode has-dots-nav\" role=\"region\" aria-label=\"Kommunalwahl 2025\" data-width=\"300\">\n    <div id=\"metaslider_container_2630\">\n        <div id=\"metaslider_2630\">\n            <ul class='slides'>\n                <li style=\"display: none; width: 100%;\" class=\"slide-2672 ms-image \" aria-roledescription=\"slide\" data-date=\"2025-07-16 11:49:00\"><a href=\"https:\/\/gruene-nks.de\/index.php\/thomas-cremer\/\" target=\"_blank\" aria-label=\"Thomas Cremer f\u00fcr Wahlbezirk 010 Seelscheid I\" class=\"metaslider_image_link\"><img loading=\"lazy\" decoding=\"async\" src=\"https:\/\/gruene-nks.de\/wp-content\/uploads\/2025\/07\/HP_Thomas_ohne_Claim-300x400.jpg\" height=\"400\" width=\"300\" alt=\"Thomas Cremer f\u00fcr Wahlbezirk 010 Seelscheid I\" class=\"slider-2630 slide-2672 msDefaultImage\" title=\"HP_Thomas_ohne_Claim\" \/><\/a><div class=\"caption-wrap\"><div class=\"caption\"><div><a class=\"ms-custom-button\" style=\"background-color:#e6007e;color:#ffffff;\" href=\"https:\/\/gruene-nks.de\/index.php\/thomas-cremer\/\" target=\"_blank\" rel=\"noreferrer noopener\">Wahlbezirk 010 Seelscheid I<\/a><\/div><\/div><\/div><\/li>\n                <li style=\"display: none; width: 100%;\" class=\"slide-2678 ms-image \" aria-roledescription=\"slide\" data-date=\"2025-07-16 11:49:00\"><a href=\"https:\/\/gruene-nks.de\/index.php\/ariane-schepers\/\" target=\"_blank\" aria-label=\"Ariane Schepers f\u00fcr Wahlbezirk 040 Seelscheid IV\" class=\"metaslider_image_link\"><img loading=\"lazy\" decoding=\"async\" src=\"https:\/\/gruene-nks.de\/wp-content\/uploads\/2025\/07\/HP_Ari_ohne_Claim-300x400.jpg\" height=\"400\" width=\"300\" alt=\"Ariane Schepers f\u00fcr Wahlbezirk 040 Seelscheid IV\" class=\"slider-2630 slide-2678 msDefaultImage\" title=\"HP_Ari_ohne_Claim\" \/><\/a><div class=\"caption-wrap\"><div class=\"caption\"><div><a class=\"ms-custom-button\" style=\"background-color:#e6007e;color:#ffffff;\" href=\"https:\/\/gruene-nks.de\/index.php\/ariane-schepers\/\" target=\"_blank\" rel=\"noreferrer noopener\">Wahlbezirk 040 Seelscheid IV<\/a><\/div><\/div><\/div><\/li>\n                <li style=\"display: none; width: 100%;\" class=\"slide-2673 ms-image \" aria-roledescription=\"slide\" data-date=\"2025-07-16 11:49:00\"><a href=\"https:\/\/gruene-nks.de\/index.php\/tarja-palonen-heisse-wahlbezirk-070-wahnbach-und-kreistag\/\" target=\"_blank\" aria-label=\"Tarja Palonen-Hei\u00dfe f\u00fcr Wahlbezirk 070 Wahnbach und f\u00fcr den Kreistag\" class=\"metaslider_image_link\"><img loading=\"lazy\" decoding=\"async\" src=\"https:\/\/gruene-nks.de\/wp-content\/uploads\/2025\/07\/HP_Tarja_ohne_Claim-300x400.jpg\" height=\"400\" width=\"300\" alt=\"Tarja Palonen-Hei\u00dfe f\u00fcr Wahlbezirk 070 Wahnbach und f\u00fcr den Kreistag\" class=\"slider-2630 slide-2673 msDefaultImage\" title=\"HP_Tarja_ohne_Claim\" \/><\/a><div class=\"caption-wrap\"><div class=\"caption\"><div><a class=\"ms-custom-button\" style=\"background-color:#e6007e;color:#ffffff;\" href=\"https:\/\/gruene-nks.de\/index.php\/tarja-palonen-heisse-wahlbezirk-070-wahnbach-und-kreistag\/\" target=\"_blank\" rel=\"noreferrer noopener\">Wahlbezirk 070 Wahnbach<\/a><\/div><\/div><\/div><\/li>\n                <li style=\"display: none; width: 100%;\" class=\"slide-2679 ms-image \" aria-roledescription=\"slide\" data-date=\"2025-07-16 11:49:01\"><a href=\"https:\/\/gruene-nks.de\/index.php\/anna-terschluesen-wahlbezirk-080-pohlhausen\/\" target=\"_blank\" aria-label=\"Anna Terschl\u00fcsen f\u00fcr Wahlbezirk 080 Pohlhausen\" class=\"metaslider_image_link\"><img loading=\"lazy\" decoding=\"async\" src=\"https:\/\/gruene-nks.de\/wp-content\/uploads\/2025\/07\/HP_Anna_ohne_Claim-300x400.jpg\" height=\"400\" width=\"300\" alt=\"Anna Terschl\u00fcsen f\u00fcr Wahlbezirk 080 Pohlhausen\" class=\"slider-2630 slide-2679 msDefaultImage\" title=\"HP_Anna_ohne_Claim\" \/><\/a><div class=\"caption-wrap\"><div class=\"caption\"><div><a class=\"ms-custom-button\" style=\"background-color:#e6007e;color:#ffffff;\" href=\"https:\/\/gruene-nks.de\/index.php\/anna-terschluesen-wahlbezirk-080-pohlhausen\/\" target=\"_blank\" rel=\"noreferrer noopener\">Wahlbezirk 080 Pohlhausen<\/a><\/div><\/div><\/div><\/li>\n                <li style=\"display: none; width: 100%;\" class=\"slide-2675 ms-image \" aria-roledescription=\"slide\" data-date=\"2025-07-16 11:49:00\"><a href=\"https:\/\/gruene-nks.de\/index.php\/helge-kratzel-wahlbezirk-090-neunkirchen-i\/\" target=\"_blank\" aria-label=\"Helge Kratzel f\u00fcr Wahlbezirk 090 Neunkirchen I\" class=\"metaslider_image_link\"><img loading=\"lazy\" decoding=\"async\" src=\"https:\/\/gruene-nks.de\/wp-content\/uploads\/2025\/07\/HP_Helge_ohne_Claim-300x400.jpg\" height=\"400\" width=\"300\" alt=\"Helge Kratzel f\u00fcr Wahlbezirk 090 Neunkirchen I\" class=\"slider-2630 slide-2675 msDefaultImage\" title=\"HP_Helge_ohne_Claim\" \/><\/a><div class=\"caption-wrap\"><div class=\"caption\"><div><a class=\"ms-custom-button\" style=\"background-color:#e6007e;color:#ffffff;\" href=\"https:\/\/gruene-nks.de\/index.php\/helge-kratzel-wahlbezirk-090-neunkirchen-i\/\" target=\"_blank\" rel=\"noreferrer noopener\">Wahlbezirk 090 Neunkirchen I<\/a><\/div><\/div><\/div><\/li>\n                <li style=\"display: none; width: 100%;\" class=\"slide-2671 ms-image \" aria-roledescription=\"slide\" data-date=\"2025-07-16 11:49:00\"><a href=\"https:\/\/gruene-nks.de\/index.php\/winfried-koelker\/\" target=\"_blank\" aria-label=\"Winfried K\u00f6lker f\u00fcr Wahlbezirk 100 Neunkirchen II\" class=\"metaslider_image_link\"><img loading=\"lazy\" decoding=\"async\" src=\"https:\/\/gruene-nks.de\/wp-content\/uploads\/2025\/07\/HP_Winni_ohne_Claim-300x400.jpg\" height=\"400\" width=\"300\" alt=\"Winfried K\u00f6lker f\u00fcr Wahlbezirk 100 Neunkirchen II\" class=\"slider-2630 slide-2671 msDefaultImage\" title=\"HP_Winni_ohne_Claim\" \/><\/a><div class=\"caption-wrap\"><div class=\"caption\"><div><a class=\"ms-custom-button\" style=\"background-color:#e6007e;color:#ffffff;\" href=\"https:\/\/gruene-nks.de\/index.php\/winfried-koelker\/\" target=\"_blank\" rel=\"noreferrer noopener\">Wahlbezirk 100 - Neunkirchen II<\/a><\/div><\/div><\/div><\/li>\n                <li style=\"display: none; width: 100%;\" class=\"slide-2680 ms-image \" aria-roledescription=\"slide\" data-date=\"2025-07-16 11:49:01\"><a href=\"https:\/\/gruene-nks.de\/index.php\/andrea-piro-wahlbezirk-130-eischeid\/\" target=\"_blank\" aria-label=\"Andrea Piro f\u00fcr Wahlbezirk 130 - Eischeid\" class=\"metaslider_image_link\"><img loading=\"lazy\" decoding=\"async\" src=\"https:\/\/gruene-nks.de\/wp-content\/uploads\/2025\/07\/HP_Andrea_ohne_Claim-300x400.jpg\" height=\"400\" width=\"300\" alt=\"Andrea Piro f\u00fcr Wahlbezirk 130 - Eischeid\" class=\"slider-2630 slide-2680 msDefaultImage\" title=\"HP_Andrea_ohne_Claim\" \/><\/a><div class=\"caption-wrap\"><div class=\"caption\"><div><a class=\"ms-custom-button\" style=\"background-color:#e6007e;color:#ffffff;\" href=\"https:\/\/gruene-nks.de\/index.php\/andrea-piro-wahlbezirk-130-eischeid\/\" target=\"_blank\" rel=\"noreferrer noopener\">Wahlbezirk 130 Eischeid<\/a><\/div><\/div><\/div><\/li>\n                <li style=\"display: none; width: 100%;\" class=\"slide-2677 ms-image \" aria-roledescription=\"slide\" data-date=\"2025-07-16 11:49:00\"><a href=\"https:\/\/gruene-nks.de\/index.php\/carsten-klink-wahlbezirk-140-hermerath\/\" target=\"_blank\" aria-label=\"Carsten Kink f\u00fcr Wahlbezirk 140 Hermerath\" class=\"metaslider_image_link\"><img loading=\"lazy\" decoding=\"async\" src=\"https:\/\/gruene-nks.de\/wp-content\/uploads\/2025\/07\/HP_Carsten_ohne_Claim-300x400.jpg\" height=\"400\" width=\"300\" alt=\"Carsten Kink f\u00fcr Wahlbezirk 140 Hermerath\" class=\"slider-2630 slide-2677 msDefaultImage\" title=\"HP_Carsten_ohne_Claim\" \/><\/a><div class=\"caption-wrap\"><div class=\"caption\"><div><a class=\"ms-custom-button\" style=\"background-color:#e6007e;color:#ffffff;\" href=\"https:\/\/gruene-nks.de\/index.php\/carsten-klink-wahlbezirk-140-hermerath\/\" target=\"_blank\" rel=\"noreferrer noopener\">Wahlbezirk 140 Hermerath<\/a><\/div><\/div><\/div><\/li>\n                <li style=\"display: none; width: 100%;\" class=\"slide-2676 ms-image \" aria-roledescription=\"slide\" data-date=\"2025-07-16 11:49:00\"><a href=\"https:\/\/gruene-nks.de\/index.php\/christoph-weiler-wahlbezirk-150-wolperath-i\/\" target=\"_blank\" aria-label=\"Christoph Weiler f\u00fcr Wahlbezirk 150 Wolperath I\" class=\"metaslider_image_link\"><img loading=\"lazy\" decoding=\"async\" src=\"https:\/\/gruene-nks.de\/wp-content\/uploads\/2025\/07\/HP_Christoph_ohne_Claim-300x400.jpg\" height=\"400\" width=\"300\" alt=\"Christoph Weiler f\u00fcr Wahlbezirk 150 Wolperath I\" class=\"slider-2630 slide-2676 msDefaultImage\" title=\"HP_Christoph_ohne_Claim\" \/><\/a><div class=\"caption-wrap\"><div class=\"caption\"><div><a class=\"ms-custom-button\" style=\"background-color:#e6007e;color:#ffffff;\" href=\"https:\/\/gruene-nks.de\/index.php\/christoph-weiler-wahlbezirk-150-wolperath-i\/\" target=\"_blank\" rel=\"noreferrer noopener\">Wahlbezirk 150 Wolperath I<\/a><\/div><\/div><\/div><\/li>\n                <li style=\"display: none; width: 100%;\" class=\"slide-2674 ms-image \" aria-roledescription=\"slide\" data-date=\"2025-07-16 11:49:00\"><a href=\"https:\/\/gruene-nks.de\/index.php\/stefan-gerlach-wahlbezirk-160-wolperath-ii\/\" target=\"_blank\" aria-label=\"Stefan Gerlach f\u00fcr Wahlbezirk 160 Wolperath II\" class=\"metaslider_image_link\"><img loading=\"lazy\" decoding=\"async\" src=\"https:\/\/gruene-nks.de\/wp-content\/uploads\/2025\/07\/HP_Stefan_ohne_Claim-300x400.jpg\" height=\"400\" width=\"300\" alt=\"Stefan Gerlach f\u00fcr Wahlbezirk 160 Wolperath II\" class=\"slider-2630 slide-2674 msDefaultImage\" title=\"HP_Stefan_ohne_Claim\" \/><\/a><div class=\"caption-wrap\"><div class=\"caption\"><div><a class=\"ms-custom-button\" style=\"background-color:#e6007e;color:#ffffff;\" href=\"https:\/\/gruene-nks.de\/index.php\/stefan-gerlach-wahlbezirk-160-wolperath-ii\/\" target=\"_blank\" rel=\"noreferrer noopener\">Wahlbezirk 160 Wolperath II<\/a><\/div><\/div><\/div><\/li>\n            <\/ul>\n        <\/div>\n        \n    <\/div>\n<\/div>\n","protected":false},"excerpt":{"rendered":"","protected":false},"author":3,"featured_media":0,"parent":0,"menu_order":0,"comment_status":"closed","ping_status":"closed","template":"","meta":{"footnotes":""},"class_list":["post-2681","page","type-page","status-publish","hentry"],"_links":{"self":[{"href":"https:\/\/gruene-nks.de\/index.php\/wp-json\/wp\/v2\/pages\/2681","targetHints":{"allow":["GET"]}}],"collection":[{"href":"https:\/\/gruene-nks.de\/index.php\/wp-json\/wp\/v2\/pages"}],"about":[{"href":"https:\/\/gruene-nks.de\/index.php\/wp-json\/wp\/v2\/types\/page"}],"author":[{"embeddable":true,"href":"https:\/\/gruene-nks.de\/index.php\/wp-json\/wp\/v2\/users\/3"}],"replies":[{"embeddable":true,"href":"https:\/\/gruene-nks.de\/index.php\/wp-json\/wp\/v2\/comments?post=2681"}],"version-history":[{"count":3,"href":"https:\/\/gruene-nks.de\/index.php\/wp-json\/wp\/v2\/pages\/2681\/revisions"}],"predecessor-version":[{"id":2684,"href":"https:\/\/gruene-nks.de\/index.php\/wp-json\/wp\/v2\/pages\/2681\/revisions\/2684"}],"wp:attachment":[{"href":"https:\/\/gruene-nks.de\/index.php\/wp-json\/wp\/v2\/media?parent=2681"}],"curies":[{"name":"wp","href":"https:\/\/api.w.org\/{rel}","templated":true}]}}