{"id":2702,"date":"2025-07-16T13:28:29","date_gmt":"2025-07-16T11:28:29","guid":{"rendered":"https:\/\/gruene-nks.de\/?page_id=2702"},"modified":"2025-07-23T00:43:36","modified_gmt":"2025-07-22T22:43:36","slug":"carsten-klink-wahlbezirk-140-hermerath","status":"publish","type":"page","link":"https:\/\/gruene-nks.de\/index.php\/carsten-klink-wahlbezirk-140-hermerath\/","title":{"rendered":"Carsten Klink &#8211; Wahlbezirk 140 Hermerath"},"content":{"rendered":"<p>Macht Heimat mit Zukunft<\/p>\n<p>Ich bin hier aufgewachsen \u2013 und nach vielen Jahren im Ausland mit meiner Familie ganz bewusst zur\u00fcckgekehrt. Neunkirchen-Seelscheid und dieser Wahlbezirk sind meine Heimat. Als Familienvater und Diplom-Kaufmann, der t\u00e4glich mit Rad, Bus und Bahn nach K\u00f6ln pendelt, wei\u00df ich, wie wichtig eine funktionierende, klimafreundliche Mobilit\u00e4t ist \u2013 f\u00fcr Pendler*innen, Familien und unsere Umwelt. Ich kandidiere f\u00fcr die Gr\u00fcnen, weil ich unsere Gemeinde zukunftsfest machen will: mit sicheren Wegen, einem verl\u00e4sslichen \u00d6PNV und einem verantwortungsvollen Umgang mit unseren Fl\u00e4chen. Unsere Bev\u00f6lkerung w\u00e4chst kaum \u2013 trotzdem sollen immer neue Neubaugebiete entstehen. Das verursacht langfristige Kosten, etwa f\u00fcr Infrastruktur und Kanalunterhaltung. Ich stehe f\u00fcr ein Neunkirchen-Seelscheid, das lebenswert bleibt \u2013 f\u00fcr uns, unsere Kinder und kommende Generationen.<\/p>\n<p style=\"text-align: center;\"><a href=\"https:\/\/gruene-nks.de\/wp-content\/uploads\/2025\/07\/HP_Carsten_ohne_Claim.jpg\"><img loading=\"lazy\" decoding=\"async\" class=\"alignnone size-medium wp-image-2664\" src=\"https:\/\/gruene-nks.de\/wp-content\/uploads\/2025\/07\/HP_Carsten_ohne_Claim-400x502.jpg\" alt=\"Carsten Kink f\u00fcr Wahlbezirk 140 Hermerath\" width=\"400\" height=\"502\" srcset=\"https:\/\/gruene-nks.de\/wp-content\/uploads\/2025\/07\/HP_Carsten_ohne_Claim-400x502.jpg 400w, https:\/\/gruene-nks.de\/wp-content\/uploads\/2025\/07\/HP_Carsten_ohne_Claim-800x1003.jpg 800w, https:\/\/gruene-nks.de\/wp-content\/uploads\/2025\/07\/HP_Carsten_ohne_Claim-768x963.jpg 768w, https:\/\/gruene-nks.de\/wp-content\/uploads\/2025\/07\/HP_Carsten_ohne_Claim.jpg 957w\" sizes=\"auto, (max-width: 400px) 100vw, 400px\" \/><\/a><\/p>\n","protected":false},"excerpt":{"rendered":"<p>Macht Heimat mit Zukunft Ich bin hier aufgewachsen \u2013 und nach vielen Jahren im Ausland mit meiner Familie ganz bewusst zur\u00fcckgekehrt. Neunkirchen-Seelscheid und dieser Wahlbezirk sind meine Heimat. Als Familienvater [&hellip;]<\/p>\n","protected":false},"author":3,"featured_media":0,"parent":0,"menu_order":0,"comment_status":"closed","ping_status":"closed","template":"","meta":{"footnotes":""},"class_list":["post-2702","page","type-page","status-publish","hentry"],"_links":{"self":[{"href":"https:\/\/gruene-nks.de\/index.php\/wp-json\/wp\/v2\/pages\/2702","targetHints":{"allow":["GET"]}}],"collection":[{"href":"https:\/\/gruene-nks.de\/index.php\/wp-json\/wp\/v2\/pages"}],"about":[{"href":"https:\/\/gruene-nks.de\/index.php\/wp-json\/wp\/v2\/types\/page"}],"author":[{"embeddable":true,"href":"https:\/\/gruene-nks.de\/index.php\/wp-json\/wp\/v2\/users\/3"}],"replies":[{"embeddable":true,"href":"https:\/\/gruene-nks.de\/index.php\/wp-json\/wp\/v2\/comments?post=2702"}],"version-history":[{"count":2,"href":"https:\/\/gruene-nks.de\/index.php\/wp-json\/wp\/v2\/pages\/2702\/revisions"}],"predecessor-version":[{"id":2725,"href":"https:\/\/gruene-nks.de\/index.php\/wp-json\/wp\/v2\/pages\/2702\/revisions\/2725"}],"wp:attachment":[{"href":"https:\/\/gruene-nks.de\/index.php\/wp-json\/wp\/v2\/media?parent=2702"}],"curies":[{"name":"wp","href":"https:\/\/api.w.org\/{rel}","templated":true}]}}